{"version":"1.0","provider_name":"ECOFHAIR sp\u00e9cialiste de la d\u00e9pollution \u00e0 base de cheveux","provider_url":"https:\/\/ecofhair.com","author_name":"admin6359","author_url":"https:\/\/ecofhair.com\/index.php\/author\/admin6359\/","title":"Salon europ\u00e9en du fluvial et des mobilit\u00e9s \u00e9dition 2022 - ECOFHAIR sp\u00e9cialiste de la d\u00e9pollution \u00e0 base de cheveux","type":"rich","width":600,"height":338,"html":"<blockquote class=\"wp-embedded-content\"><a href=\"https:\/\/ecofhair.com\/index.php\/elementor-1695\/\">Salon europ\u00e9en du fluvial et des mobilit\u00e9s \u00e9dition 2022<\/a><\/blockquote>\n<script type='text\/javascript'>\n<!--\/\/--><![CDATA[\/\/><!--\n\t\t\/*! This file is auto-generated *\/\n\t\t!function(d,l){\"use strict\";var e=!1,n=!1;if(l.querySelector)if(d.addEventListener)e=!0;if(d.wp=d.wp||{},!d.wp.receiveEmbedMessage)if(d.wp.receiveEmbedMessage=function(e){var t=e.data;if(t)if(t.secret||t.message||t.value)if(!\/[^a-zA-Z0-9]\/.test(t.secret)){for(var r,i,a,s=l.querySelectorAll('iframe[data-secret=\"'+t.secret+'\"]'),n=l.querySelectorAll('blockquote[data-secret=\"'+t.secret+'\"]'),o=new RegExp(\"^https?:$\",\"i\"),c=0;c<n.length;c++)n[c].style.display=\"none\";for(c=0;c<s.length;c++)if(r=s[c],e.source===r.contentWindow){if(r.removeAttribute(\"style\"),\"height\"===t.message){if(1e3<(a=parseInt(t.value,10)))a=1e3;else if(~~a<200)a=200;r.height=a}if(\"link\"===t.message)if(i=l.createElement(\"a\"),a=l.createElement(\"a\"),i.href=r.getAttribute(\"src\"),a.href=t.value,o.test(a.protocol))if(a.host===i.host)if(l.activeElement===r)d.top.location.href=t.value}}},e)d.addEventListener(\"message\",d.wp.receiveEmbedMessage,!1),l.addEventListener(\"DOMContentLoaded\",t,!1),d.addEventListener(\"load\",t,!1);function t(){if(!n){n=!0;for(var e,t,r=-1!==navigator.appVersion.indexOf(\"MSIE 10\"),i=!!navigator.userAgent.match(\/Trident.*rv:11\\.\/),a=l.querySelectorAll(\"iframe.wp-embedded-content\"),s=0;s<a.length;s++){if(!(e=a[s]).getAttribute(\"data-secret\"))t=Math.random().toString(36).substr(2,10),e.src+=\"#?secret=\"+t,e.setAttribute(\"data-secret\",t);if(r||i)(t=e.cloneNode(!0)).removeAttribute(\"security\"),e.parentNode.replaceChild(t,e)}}}}(window,document);\n\/\/--><!]]>\n<\/script><iframe sandbox=\"allow-scripts\" security=\"restricted\" src=\"https:\/\/ecofhair.com\/index.php\/elementor-1695\/embed\/\" width=\"600\" height=\"338\" title=\"\u00ab\u00a0Salon europ\u00e9en du fluvial et des mobilit\u00e9s \u00e9dition 2022\u00a0\u00bb &#8212; ECOFHAIR sp\u00e9cialiste de la d\u00e9pollution \u00e0 base de cheveux\" frameborder=\"0\" marginwidth=\"0\" marginheight=\"0\" scrolling=\"no\" class=\"wp-embedded-content\"><\/iframe>","thumbnail_url":"https:\/\/ecofhair.com\/wp-content\/uploads\/2022\/10\/ecofhair-saverne-band-web-scaled.jpg","thumbnail_width":2560,"thumbnail_height":1344,"description":"Salon europ\u00e9en du fluvialet des mobilit\u00e9s EDITION 2022 Merci \u00e0 tous d\u2019\u00eatre venus nous rencontrer sur le stand de ECOFHAIR\u00ae au salon europ\u00e9en du fluvial et des mobilit\u00e9s, qui s\u2019est tenu au port de plaisance de Saverne du 30 septembre au 2 octobre 2022. Ecofhair, terre d\u2019innovation \u00e9cologique \ud83c\udf0d\ud83d\udc99 \u27a1\ufe0f Commandez vos kits d\u00e8s maintenant [&hellip;]"}